{"id":20205137,"date":"2025-03-28T14:12:07","date_gmt":"2025-03-28T13:12:07","guid":{"rendered":"https:\/\/lucassen.de\/hausverwaltung\/?page_id=20205137"},"modified":"2025-09-23T10:08:32","modified_gmt":"2025-09-23T08:08:32","slug":"parkraum","status":"publish","type":"page","link":"https:\/\/lucassen.de\/hausverwaltung\/mietobjekte\/moers\/parkraum","title":{"rendered":"Parkraum"},"content":{"rendered":"\n<div class=\"wp-block-cover\" style=\"min-height:40vh;aspect-ratio:unset;\" id=\"top\"><img loading=\"lazy\" decoding=\"async\" width=\"2400\" height=\"800\" class=\"wp-block-cover__image-background wp-image-20204825\" alt=\"\" src=\"https:\/\/lucassen.de\/hausverwaltung\/wp-content\/uploads\/sites\/3\/Moers-1.jpg\" data-object-fit=\"cover\" srcset=\"https:\/\/lucassen.de\/hausverwaltung\/wp-content\/uploads\/sites\/3\/Moers-1.jpg 2400w, https:\/\/lucassen.de\/hausverwaltung\/wp-content\/uploads\/sites\/3\/Moers-1-800x267.jpg 800w, https:\/\/lucassen.de\/hausverwaltung\/wp-content\/uploads\/sites\/3\/Moers-1-1600x533.jpg 1600w, https:\/\/lucassen.de\/hausverwaltung\/wp-content\/uploads\/sites\/3\/Moers-1-768x256.jpg 768w, https:\/\/lucassen.de\/hausverwaltung\/wp-content\/uploads\/sites\/3\/Moers-1-1536x512.jpg 1536w, https:\/\/lucassen.de\/hausverwaltung\/wp-content\/uploads\/sites\/3\/Moers-1-2048x683.jpg 2048w\" sizes=\"auto, (max-width: 2400px) 100vw, 2400px\" \/><span aria-hidden=\"true\" class=\"wp-block-cover__background has-background-dim-90 has-background-dim wp-block-cover__gradient-background has-background-gradient\" style=\"background:linear-gradient(140deg,rgb(52,72,94) 0%,rgba(52,72,94,0.89) 51%,rgba(52,72,94,0.41) 100%)\"><\/span><div class=\"wp-block-cover__inner-container is-layout-constrained wp-container-core-cover-is-layout-48c9aa2a wp-block-cover-is-layout-constrained\">\n<div class=\"wp-block-group is-layout-flex wp-block-group-is-layout-flex\">\n<figure class=\"wp-block-image size-full is-resized\"><img loading=\"lazy\" decoding=\"async\" width=\"775\" height=\"940\" src=\"https:\/\/lucassen.de\/hausverwaltung\/wp-content\/uploads\/sites\/3\/image-9.png\" alt=\"\" class=\"wp-image-20202395\" style=\"width:60px\" srcset=\"https:\/\/lucassen.de\/hausverwaltung\/wp-content\/uploads\/sites\/3\/image-9.png 775w, https:\/\/lucassen.de\/hausverwaltung\/wp-content\/uploads\/sites\/3\/image-9-247x300.png 247w, https:\/\/lucassen.de\/hausverwaltung\/wp-content\/uploads\/sites\/3\/image-9-768x932.png 768w\" sizes=\"auto, (max-width: 775px) 100vw, 775px\" \/><\/figure>\n\n\n\n<div style=\"height:100px;width:0px\" aria-hidden=\"true\" class=\"wp-block-spacer wp-container-content-7adb698e\"><\/div>\n\n\n\n<h1 class=\"wp-block-heading\">Unser Parkraum in Moers<\/h1>\n<\/div>\n<\/div><\/div>\n\n\n\n<div id=\"objekte\" class=\"wp-block-group\"><div class=\"wp-block-group__inner-container is-layout-constrained wp-block-group-is-layout-constrained\">\n<div class=\"wp-block-group is-layout-grid wp-container-core-group-is-layout-baef362d wp-block-group-is-layout-grid\">\n<div class=\"wp-block-group no-margin\"><div class=\"wp-block-group__inner-container is-layout-constrained wp-block-group-is-layout-constrained\">\n<p class=\"no-margin has-x-large-font-size\">Klever Stra\u00dfe 51-59<br>47441 Moers<\/p>\n\n\n\n<p>Wir betreuen 28 Stellpl\u00e4tze und 13 Garagen an der Klever Stra\u00dfe 51-59 in Moers, die vorrangig an unsere Mietenden der direkt angrenzenden Wohnobjekte vermietet werden. Hierbei handelt es sich nicht um einen \u00f6ffentlichen Parkraum, der von jedermann genutzt werden kann, sondern um Parkraum, der durch uns dediziert vermietet wird.<\/p>\n\n\n\n<p>Der aktuelle Status der Vermietung kann <a href=\"#status\">hier<\/a>&nbsp;eingesehen werden.<\/p>\n\n\n\n<p><em>\u201eEin freier Stellplatz ist hier so selten wie ein Lottogewinn \u2013 und genauso hei\u00df begehrt.\u201c<\/em><br><sup>O-Ton eines Mieters<\/sup><\/p>\n<\/div><\/div>\n\n\n\n<div class=\"wp-block-group\"><div class=\"wp-block-group__inner-container is-layout-constrained wp-block-group-is-layout-constrained\">\n<figure class=\"wp-block-gallery has-nested-images columns-default is-cropped wp-block-gallery-1 is-layout-flex wp-block-gallery-is-layout-flex\">\n<figure class=\"wp-block-image size-full is-style-default wp-container-content-69bc4bdf\"><img loading=\"lazy\" decoding=\"async\" width=\"1912\" height=\"2098\" data-id=\"20205212\" src=\"https:\/\/lucassen.de\/hausverwaltung\/wp-content\/uploads\/sites\/3\/parkraum-moers.png\" alt=\"\" class=\"wp-image-20205212\" style=\"object-fit:cover\" srcset=\"https:\/\/lucassen.de\/hausverwaltung\/wp-content\/uploads\/sites\/3\/parkraum-moers.png 1912w, https:\/\/lucassen.de\/hausverwaltung\/wp-content\/uploads\/sites\/3\/parkraum-moers-800x878.png 800w, https:\/\/lucassen.de\/hausverwaltung\/wp-content\/uploads\/sites\/3\/parkraum-moers-1600x1756.png 1600w, https:\/\/lucassen.de\/hausverwaltung\/wp-content\/uploads\/sites\/3\/parkraum-moers-768x843.png 768w, https:\/\/lucassen.de\/hausverwaltung\/wp-content\/uploads\/sites\/3\/parkraum-moers-1400x1536.png 1400w, https:\/\/lucassen.de\/hausverwaltung\/wp-content\/uploads\/sites\/3\/parkraum-moers-1866x2048.png 1866w\" sizes=\"auto, (max-width: 1912px) 100vw, 1912px\" \/><\/figure>\n<\/figure>\n\n\n\n<p class=\"has-text-align-right\"><sup>Parkraum Klever Stra\u00dfe 51-59<\/sup><\/p>\n<\/div><\/div>\n<\/div>\n<\/div><\/div>\n\n\n\n<div id=\"lage\" class=\"wp-block-group has-white-color has-text-color has-background has-link-color wp-elements-bd40d0a808318b8de23a4990838b22e8\" style=\"background-color:#34485e\"><div class=\"wp-block-group__inner-container is-layout-constrained wp-block-group-is-layout-constrained\">\n<div class=\"wp-block-columns are-vertically-aligned-center is-layout-flex wp-container-core-columns-is-layout-9d6595d7 wp-block-columns-is-layout-flex\">\n<div class=\"wp-block-column is-vertically-aligned-center is-layout-flow wp-block-column-is-layout-flow\" style=\"flex-basis:30%\">\n<h2 class=\"wp-block-heading\">Lage<\/h2>\n\n\n\n<p>Die Stellpl\u00e4tze und Garagen liegen zentral in Moers in direkter N\u00e4he zu den Wohnobjekten Klever Stra\u00dfe 51-59. Eine preisg\u00fcnstige <a href=\"https:\/\/www.jet.de\/tankstellen\/moers\/klever-str-61\" target=\"_blank\" rel=\"noreferrer noopener\">JET Tankstelle<\/a> liegt direkt an der Einfahrt zum Parkraum.<\/p>\n<\/div>\n\n\n\n<div class=\"wp-block-column is-vertically-aligned-center is-layout-flow wp-block-column-is-layout-flow\">\n<figure class=\"wp-block-gallery has-nested-images columns-default is-cropped wp-block-gallery-2 is-layout-flex wp-block-gallery-is-layout-flex\">\n<figure data-wp-context=\"{&quot;imageId&quot;:&quot;69f450f73e482&quot;}\" data-wp-interactive=\"core\/image\" data-wp-key=\"69f450f73e482\" class=\"wp-block-image size-large is-style-default wp-lightbox-container\"><img loading=\"lazy\" decoding=\"async\" width=\"1024\" height=\"640\" data-wp-class--hide=\"state.isContentHidden\" data-wp-class--show=\"state.isContentVisible\" data-wp-init=\"callbacks.setButtonStyles\" data-wp-on--click=\"actions.showLightbox\" data-wp-on--load=\"callbacks.setButtonStyles\" data-wp-on-window--resize=\"callbacks.setButtonStyles\" data-id=\"20202978\" src=\"https:\/\/lucassen.de\/hausverwaltung\/wp-content\/uploads\/sites\/3\/Flur-Klever-Str.-51-59-1024x640.jpg\" alt=\"\" class=\"wp-image-20202978\" srcset=\"https:\/\/lucassen.de\/hausverwaltung\/wp-content\/uploads\/sites\/3\/Flur-Klever-Str.-51-59-1024x640.jpg 1024w, https:\/\/lucassen.de\/hausverwaltung\/wp-content\/uploads\/sites\/3\/Flur-Klever-Str.-51-59-800x500.jpg 800w, https:\/\/lucassen.de\/hausverwaltung\/wp-content\/uploads\/sites\/3\/Flur-Klever-Str.-51-59-768x480.jpg 768w, https:\/\/lucassen.de\/hausverwaltung\/wp-content\/uploads\/sites\/3\/Flur-Klever-Str.-51-59-300x188.jpg 300w, https:\/\/lucassen.de\/hausverwaltung\/wp-content\/uploads\/sites\/3\/Flur-Klever-Str.-51-59.jpg 1200w\" sizes=\"auto, (max-width: 1024px) 100vw, 1024px\" \/><button\n\t\t\tclass=\"lightbox-trigger\"\n\t\t\ttype=\"button\"\n\t\t\taria-haspopup=\"dialog\"\n\t\t\taria-label=\"Vergr\u00f6\u00dfern\"\n\t\t\tdata-wp-init=\"callbacks.initTriggerButton\"\n\t\t\tdata-wp-on--click=\"actions.showLightbox\"\n\t\t\tdata-wp-style--right=\"state.imageButtonRight\"\n\t\t\tdata-wp-style--top=\"state.imageButtonTop\"\n\t\t>\n\t\t\t<svg xmlns=\"http:\/\/www.w3.org\/2000\/svg\" width=\"12\" height=\"12\" fill=\"none\" viewBox=\"0 0 12 12\">\n\t\t\t\t<path fill=\"#fff\" d=\"M2 0a2 2 0 0 0-2 2v2h1.5V2a.5.5 0 0 1 .5-.5h2V0H2Zm2 10.5H2a.5.5 0 0 1-.5-.5V8H0v2a2 2 0 0 0 2 2h2v-1.5ZM8 12v-1.5h2a.5.5 0 0 0 .5-.5V8H12v2a2 2 0 0 1-2 2H8Zm2-12a2 2 0 0 1 2 2v2h-1.5V2a.5.5 0 0 0-.5-.5H8V0h2Z\" \/>\n\t\t\t<\/svg>\n\t\t<\/button><\/figure>\n\n\n\n<figure data-wp-context=\"{&quot;imageId&quot;:&quot;69f450f73eb9e&quot;}\" data-wp-interactive=\"core\/image\" data-wp-key=\"69f450f73eb9e\" class=\"wp-block-image size-large is-style-default wp-lightbox-container\"><img loading=\"lazy\" decoding=\"async\" width=\"1024\" height=\"641\" data-wp-class--hide=\"state.isContentHidden\" data-wp-class--show=\"state.isContentVisible\" data-wp-init=\"callbacks.setButtonStyles\" data-wp-on--click=\"actions.showLightbox\" data-wp-on--load=\"callbacks.setButtonStyles\" data-wp-on-window--resize=\"callbacks.setButtonStyles\" data-id=\"20202979\" src=\"https:\/\/lucassen.de\/hausverwaltung\/wp-content\/uploads\/sites\/3\/Flur-Satellit-Klever-Str.-51-59-1024x641.jpg\" alt=\"\" class=\"wp-image-20202979\" srcset=\"https:\/\/lucassen.de\/hausverwaltung\/wp-content\/uploads\/sites\/3\/Flur-Satellit-Klever-Str.-51-59-1024x641.jpg 1024w, https:\/\/lucassen.de\/hausverwaltung\/wp-content\/uploads\/sites\/3\/Flur-Satellit-Klever-Str.-51-59-800x501.jpg 800w, https:\/\/lucassen.de\/hausverwaltung\/wp-content\/uploads\/sites\/3\/Flur-Satellit-Klever-Str.-51-59-768x481.jpg 768w, https:\/\/lucassen.de\/hausverwaltung\/wp-content\/uploads\/sites\/3\/Flur-Satellit-Klever-Str.-51-59-300x188.jpg 300w, https:\/\/lucassen.de\/hausverwaltung\/wp-content\/uploads\/sites\/3\/Flur-Satellit-Klever-Str.-51-59.jpg 1200w\" sizes=\"auto, (max-width: 1024px) 100vw, 1024px\" \/><button\n\t\t\tclass=\"lightbox-trigger\"\n\t\t\ttype=\"button\"\n\t\t\taria-haspopup=\"dialog\"\n\t\t\taria-label=\"Vergr\u00f6\u00dfern\"\n\t\t\tdata-wp-init=\"callbacks.initTriggerButton\"\n\t\t\tdata-wp-on--click=\"actions.showLightbox\"\n\t\t\tdata-wp-style--right=\"state.imageButtonRight\"\n\t\t\tdata-wp-style--top=\"state.imageButtonTop\"\n\t\t>\n\t\t\t<svg xmlns=\"http:\/\/www.w3.org\/2000\/svg\" width=\"12\" height=\"12\" fill=\"none\" viewBox=\"0 0 12 12\">\n\t\t\t\t<path fill=\"#fff\" d=\"M2 0a2 2 0 0 0-2 2v2h1.5V2a.5.5 0 0 1 .5-.5h2V0H2Zm2 10.5H2a.5.5 0 0 1-.5-.5V8H0v2a2 2 0 0 0 2 2h2v-1.5ZM8 12v-1.5h2a.5.5 0 0 0 .5-.5V8H12v2a2 2 0 0 1-2 2H8Zm2-12a2 2 0 0 1 2 2v2h-1.5V2a.5.5 0 0 0-.5-.5H8V0h2Z\" \/>\n\t\t\t<\/svg>\n\t\t<\/button><\/figure>\n<\/figure>\n<\/div>\n<\/div>\n<\/div><\/div>\n\n\n\n<div id=\"status\" class=\"wp-block-group has-accent-6-background-color has-background\" style=\"padding-top:var(--wp--preset--spacing--50);padding-bottom:var(--wp--preset--spacing--50)\"><div class=\"wp-block-group__inner-container is-layout-constrained wp-container-core-group-is-layout-195db4b7 wp-block-group-is-layout-constrained\">\n<div class=\"wp-block-columns are-vertically-aligned-top is-layout-flex wp-container-core-columns-is-layout-c643a553 wp-block-columns-is-layout-flex\" style=\"padding-top:0;padding-right:0;padding-bottom:0;padding-left:0\">\n<div class=\"wp-block-column is-vertically-aligned-top is-layout-flow wp-block-column-is-layout-flow\" style=\"flex-basis:50%\">\n<h2 class=\"wp-block-heading\">Status der Vermietung:<\/h2>\n\n\n\n<figure class=\"wp-block-table is-style-stripes\"><table><thead><tr><th class=\"has-text-align-left\" data-align=\"left\">Parkraum<\/th><th class=\"has-text-align-left\" data-align=\"left\">Status<\/th><\/tr><\/thead><tbody><tr><td class=\"has-text-align-left\" data-align=\"left\">Stellplatz (1-25, 27)<\/td><td class=\"has-text-align-left\" data-align=\"left\"><span class=\"wp-rich-text-font-awesome-icon wp-font-awesome-icon\"><svg aria-hidden=\"true\" focusable=\"false\" data-prefix=\"fas\" data-icon=\"road-barrier\" class=\"svg-inline--fa fa-road-barrier \" role=\"img\" xmlns=\"http:\/\/www.w3.org\/2000\/svg\" viewBox=\"0 0 640 512\" color=\"#cf2e2e\"><path fill=\"currentColor\" d=\"M32 32C14.3 32 0 46.3 0 64L0 448c0 17.7 14.3 32 32 32s32-14.3 32-32L64 266.3 149.2 96 64 96 64 64c0-17.7-14.3-32-32-32zM405.2 96l-74.3 0-5.4 10.7-90.6 181.3 74.3 0 5.4-10.7 90.6-181.3zM362.8 288l74.3 0 5.4-10.7 90.6-181.3-74.3 0-5.4 10.7-90.6 181.3zM202.8 96l-5.4 10.7-90.6 181.3 74.3 0 5.4-10.7 90.6-181.3-74.3 0zm288 192l85.2 0 0 160c0 17.7 14.3 32 32 32s32-14.3 32-32l0-384c0-17.7-14.3-32-32-32s-32 14.3-32 32l0 53.7-85.2 170.3z\"><\/path><\/svg><\/span>  alle vermietet<\/td><\/tr><tr><td class=\"has-text-align-left\" data-align=\"left\">Stellplatz 26<\/td><td class=\"has-text-align-left\" data-align=\"left\"><span class=\"wp-rich-text-font-awesome-icon wp-font-awesome-icon\"><svg aria-hidden=\"true\" focusable=\"false\" data-prefix=\"fas\" data-icon=\"ban\" class=\"svg-inline--fa fa-ban \" role=\"img\" xmlns=\"http:\/\/www.w3.org\/2000\/svg\" viewBox=\"0 0 512 512\" color=\"#cf2e2e\"><path fill=\"currentColor\" d=\"M367.2 412.5L99.5 144.8c-22.4 31.4-35.5 69.8-35.5 111.2 0 106 86 192 192 192 41.5 0 79.9-13.1 111.2-35.5zm45.3-45.3c22.4-31.4 35.5-69.8 35.5-111.2 0-106-86-192-192-192-41.5 0-79.9 13.1-111.2 35.5L412.5 367.2zM0 256a256 256 0 1 1 512 0 256 256 0 1 1 -512 0z\"><\/path><\/svg><\/span>  reserviert f\u00fcr Fahrr\u00e4der<\/td><\/tr><tr><td class=\"has-text-align-left\" data-align=\"left\">Stellplatz 28<\/td><td class=\"has-text-align-left\" data-align=\"left\"><span class=\"wp-rich-text-font-awesome-icon wp-font-awesome-icon\"><svg aria-hidden=\"true\" focusable=\"false\" data-prefix=\"fas\" data-icon=\"ban\" class=\"svg-inline--fa fa-ban \" role=\"img\" xmlns=\"http:\/\/www.w3.org\/2000\/svg\" viewBox=\"0 0 512 512\" color=\"#cf2e2e\"><path fill=\"currentColor\" d=\"M367.2 412.5L99.5 144.8c-22.4 31.4-35.5 69.8-35.5 111.2 0 106 86 192 192 192 41.5 0 79.9-13.1 111.2-35.5zm45.3-45.3c22.4-31.4 35.5-69.8 35.5-111.2 0-106-86-192-192-192-41.5 0-79.9 13.1-111.2 35.5L412.5 367.2zM0 256a256 256 0 1 1 512 0 256 256 0 1 1 -512 0z\"><\/path><\/svg><\/span>  reserviert f\u00fcr Rettungskr\u00e4fte<\/td><\/tr><tr><td class=\"has-text-align-left\" data-align=\"left\">Garage (1-13)<\/td><td class=\"has-text-align-left\" data-align=\"left\"><span class=\"wp-rich-text-font-awesome-icon wp-font-awesome-icon\"><svg aria-hidden=\"true\" focusable=\"false\" data-prefix=\"fas\" data-icon=\"road-barrier\" class=\"svg-inline--fa fa-road-barrier \" role=\"img\" xmlns=\"http:\/\/www.w3.org\/2000\/svg\" viewBox=\"0 0 640 512\" color=\"#cf2e2e\"><path fill=\"currentColor\" d=\"M32 32C14.3 32 0 46.3 0 64L0 448c0 17.7 14.3 32 32 32s32-14.3 32-32L64 266.3 149.2 96 64 96 64 64c0-17.7-14.3-32-32-32zM405.2 96l-74.3 0-5.4 10.7-90.6 181.3 74.3 0 5.4-10.7 90.6-181.3zM362.8 288l74.3 0 5.4-10.7 90.6-181.3-74.3 0-5.4 10.7-90.6 181.3zM202.8 96l-5.4 10.7-90.6 181.3 74.3 0 5.4-10.7 90.6-181.3-74.3 0zm288 192l85.2 0 0 160c0 17.7 14.3 32 32 32s32-14.3 32-32l0-384c0-17.7-14.3-32-32-32s-32 14.3-32 32l0 53.7-85.2 170.3z\"><\/path><\/svg><\/span>  alle vermietet<\/td><\/tr><\/tbody><\/table><\/figure>\n<\/div>\n\n\n\n<div class=\"wp-block-column is-layout-flow wp-block-column-is-layout-flow\" style=\"flex-basis:5%\"><\/div>\n\n\n\n<div class=\"wp-block-column is-vertically-aligned-top is-layout-flow wp-block-column-is-layout-flow\" style=\"flex-basis:45%\">\n<figure class=\"wp-block-image size-full is-resized is-style-default wp-container-content-69bc4bdf\"><img loading=\"lazy\" decoding=\"async\" width=\"1912\" height=\"2098\" src=\"https:\/\/lucassen.de\/hausverwaltung\/wp-content\/uploads\/sites\/3\/parkraum-moers.png\" alt=\"\" class=\"wp-image-20205212\" style=\"width:auto;height:300px\" srcset=\"https:\/\/lucassen.de\/hausverwaltung\/wp-content\/uploads\/sites\/3\/parkraum-moers.png 1912w, https:\/\/lucassen.de\/hausverwaltung\/wp-content\/uploads\/sites\/3\/parkraum-moers-800x878.png 800w, https:\/\/lucassen.de\/hausverwaltung\/wp-content\/uploads\/sites\/3\/parkraum-moers-1600x1756.png 1600w, https:\/\/lucassen.de\/hausverwaltung\/wp-content\/uploads\/sites\/3\/parkraum-moers-768x843.png 768w, https:\/\/lucassen.de\/hausverwaltung\/wp-content\/uploads\/sites\/3\/parkraum-moers-1400x1536.png 1400w, https:\/\/lucassen.de\/hausverwaltung\/wp-content\/uploads\/sites\/3\/parkraum-moers-1866x2048.png 1866w\" sizes=\"auto, (max-width: 1912px) 100vw, 1912px\" \/><figcaption class=\"wp-element-caption\"><sup>Parkraum Klever Stra\u00dfe 51-59<\/sup><\/figcaption><\/figure>\n<\/div>\n<\/div>\n<\/div><\/div>\n\n\n\n<div id=\"interesse\" class=\"wp-block-group has-background\" style=\"background-color:#34485e;padding-top:var(--wp--preset--spacing--50);padding-bottom:var(--wp--preset--spacing--50)\"><div class=\"wp-block-group__inner-container is-layout-constrained wp-container-core-group-is-layout-195db4b7 wp-block-group-is-layout-constrained\">\n<div class=\"wp-block-columns are-vertically-aligned-center has-white-color has-text-color has-link-color wp-elements-380587f9ca244201a8d6450d58030729 is-layout-flex wp-container-core-columns-is-layout-c643a553 wp-block-columns-is-layout-flex\" style=\"padding-top:0;padding-right:0;padding-bottom:0;padding-left:0\">\n<div class=\"wp-block-column is-vertically-aligned-center is-layout-flow wp-block-column-is-layout-flow\" style=\"flex-basis:50%\">\n<h2 class=\"wp-block-heading\">Interessieren Sie sich f\u00fcr einen Stellplatz oder eine Garage an der Klever Stra\u00dfe 51-59?<\/h2>\n\n\n\n<p>Sprechen Sie uns an!<\/p>\n\n\n\n<div class=\"wp-block-buttons is-layout-flex wp-block-buttons-is-layout-flex\" style=\"margin-top:var(--wp--preset--spacing--60)\">\n<div class=\"wp-block-button\"><a class=\"wp-block-button__link wp-element-button\" href=\"mailto:hausverwaltung@lucassen.de?subject=Anfrage%20Parkraum:%20Moers,%20Klever%20Stra\u00dfe%2051-59\" target=\"_blank\" rel=\"noreferrer noopener\">E-Mail<\/a><\/div>\n<\/div>\n<\/div>\n\n\n\n<div class=\"wp-block-column is-vertically-aligned-center is-layout-flow wp-block-column-is-layout-flow\" style=\"flex-basis:50%\"><div class=\"wp-block-image is-style-default\">\n<figure class=\"alignright size-full\"><img loading=\"lazy\" decoding=\"async\" width=\"1618\" height=\"1466\" src=\"https:\/\/lucassen.de\/hausverwaltung\/wp-content\/uploads\/sites\/3\/Parkraum-Klever-Strasse.jpg\" alt=\"Parkraum Klever Stra\u00dfe\" class=\"wp-image-20205177\" style=\"aspect-ratio:4\/3;object-fit:cover\" srcset=\"https:\/\/lucassen.de\/hausverwaltung\/wp-content\/uploads\/sites\/3\/Parkraum-Klever-Strasse.jpg 1618w, https:\/\/lucassen.de\/hausverwaltung\/wp-content\/uploads\/sites\/3\/Parkraum-Klever-Strasse-800x725.jpg 800w, https:\/\/lucassen.de\/hausverwaltung\/wp-content\/uploads\/sites\/3\/Parkraum-Klever-Strasse-1600x1450.jpg 1600w, https:\/\/lucassen.de\/hausverwaltung\/wp-content\/uploads\/sites\/3\/Parkraum-Klever-Strasse-768x696.jpg 768w, https:\/\/lucassen.de\/hausverwaltung\/wp-content\/uploads\/sites\/3\/Parkraum-Klever-Strasse-1536x1392.jpg 1536w\" sizes=\"auto, (max-width: 1618px) 100vw, 1618px\" \/><\/figure>\n<\/div><\/div>\n<\/div>\n<\/div><\/div>\n","protected":false},"excerpt":{"rendered":"<p>Klever Stra\u00dfe 51-5947441 Moers Wir betreuen 28 Stellpl\u00e4tze und 13 Garagen an der Klever Stra\u00dfe 51-59 in Moers, die vorrangig an unsere Mietenden der direkt angrenzenden Wohnobjekte vermietet werden. Hierbei handelt es sich nicht um [&hellip;]<\/p>\n","protected":false},"author":1,"featured_media":0,"parent":397,"menu_order":119,"comment_status":"closed","ping_status":"closed","template":"","meta":{"_acf_changed":false,"footnotes":""},"class_list":["post-20205137","page","type-page","status-publish","hentry"],"yoast_head":"<!-- This site is optimized with the Yoast SEO plugin v27.5 - https:\/\/yoast.com\/product\/yoast-seo-wordpress\/ -->\n<title>Parkraum - Lucassen Hausverwaltung<\/title>\n<meta name=\"robots\" content=\"index, follow, max-snippet:-1, max-image-preview:large, max-video-preview:-1\" \/>\n<link rel=\"canonical\" href=\"https:\/\/lucassen.de\/hausverwaltung\/mietobjekte\/moers\/parkraum\" \/>\n<meta property=\"og:locale\" content=\"de_DE\" \/>\n<meta property=\"og:type\" content=\"article\" \/>\n<meta property=\"og:title\" content=\"Parkraum - Lucassen Hausverwaltung\" \/>\n<meta property=\"og:description\" content=\"Klever Stra\u00dfe 51-5947441 Moers Wir betreuen 28 Stellpl\u00e4tze und 13 Garagen an der Klever Stra\u00dfe 51-59 in Moers, die vorrangig an unsere Mietenden der direkt angrenzenden Wohnobjekte vermietet werden. Hierbei handelt es sich nicht um [&hellip;]\" \/>\n<meta property=\"og:url\" content=\"https:\/\/lucassen.de\/hausverwaltung\/mietobjekte\/moers\/parkraum\" \/>\n<meta property=\"og:site_name\" content=\"Lucassen Hausverwaltung\" \/>\n<meta property=\"article:modified_time\" content=\"2025-09-23T08:08:32+00:00\" \/>\n<meta property=\"og:image\" content=\"https:\/\/lucassen.de\/hausverwaltung\/wp-content\/uploads\/sites\/3\/Moers-1.jpg\" \/>\n\t<meta property=\"og:image:width\" content=\"2400\" \/>\n\t<meta property=\"og:image:height\" content=\"800\" \/>\n\t<meta property=\"og:image:type\" content=\"image\/jpeg\" \/>\n<meta name=\"twitter:card\" content=\"summary_large_image\" \/>\n<meta name=\"twitter:label1\" content=\"Gesch\u00e4tzte Lesezeit\" \/>\n\t<meta name=\"twitter:data1\" content=\"3\u00a0Minuten\" \/>\n<script type=\"application\/ld+json\" class=\"yoast-schema-graph\">{\"@context\":\"https:\\\/\\\/schema.org\",\"@graph\":[{\"@type\":\"WebPage\",\"@id\":\"https:\\\/\\\/lucassen.de\\\/hausverwaltung\\\/mietobjekte\\\/moers\\\/parkraum\",\"url\":\"https:\\\/\\\/lucassen.de\\\/hausverwaltung\\\/mietobjekte\\\/moers\\\/parkraum\",\"name\":\"Parkraum - Lucassen Hausverwaltung\",\"isPartOf\":{\"@id\":\"https:\\\/\\\/lucassen.de\\\/hausverwaltung\\\/#website\"},\"primaryImageOfPage\":{\"@id\":\"https:\\\/\\\/lucassen.de\\\/hausverwaltung\\\/mietobjekte\\\/moers\\\/parkraum#primaryimage\"},\"image\":{\"@id\":\"https:\\\/\\\/lucassen.de\\\/hausverwaltung\\\/mietobjekte\\\/moers\\\/parkraum#primaryimage\"},\"thumbnailUrl\":\"https:\\\/\\\/lucassen.de\\\/hausverwaltung\\\/wp-content\\\/uploads\\\/sites\\\/3\\\/Moers-1.jpg\",\"datePublished\":\"2025-03-28T13:12:07+00:00\",\"dateModified\":\"2025-09-23T08:08:32+00:00\",\"breadcrumb\":{\"@id\":\"https:\\\/\\\/lucassen.de\\\/hausverwaltung\\\/mietobjekte\\\/moers\\\/parkraum#breadcrumb\"},\"inLanguage\":\"de\",\"potentialAction\":[{\"@type\":\"ReadAction\",\"target\":[\"https:\\\/\\\/lucassen.de\\\/hausverwaltung\\\/mietobjekte\\\/moers\\\/parkraum\"]}]},{\"@type\":\"ImageObject\",\"inLanguage\":\"de\",\"@id\":\"https:\\\/\\\/lucassen.de\\\/hausverwaltung\\\/mietobjekte\\\/moers\\\/parkraum#primaryimage\",\"url\":\"https:\\\/\\\/lucassen.de\\\/hausverwaltung\\\/wp-content\\\/uploads\\\/sites\\\/3\\\/Moers-1.jpg\",\"contentUrl\":\"https:\\\/\\\/lucassen.de\\\/hausverwaltung\\\/wp-content\\\/uploads\\\/sites\\\/3\\\/Moers-1.jpg\",\"width\":2400,\"height\":800},{\"@type\":\"BreadcrumbList\",\"@id\":\"https:\\\/\\\/lucassen.de\\\/hausverwaltung\\\/mietobjekte\\\/moers\\\/parkraum#breadcrumb\",\"itemListElement\":[{\"@type\":\"ListItem\",\"position\":1,\"name\":\"Startseite\",\"item\":\"https:\\\/\\\/lucassen.de\\\/hausverwaltung\\\/\"},{\"@type\":\"ListItem\",\"position\":2,\"name\":\"Mietobjekte\",\"item\":\"https:\\\/\\\/lucassen.de\\\/hausverwaltung\\\/mietobjekte\"},{\"@type\":\"ListItem\",\"position\":3,\"name\":\"Moers\",\"item\":\"https:\\\/\\\/lucassen.de\\\/hausverwaltung\\\/mietobjekte\\\/moers\"},{\"@type\":\"ListItem\",\"position\":4,\"name\":\"Parkraum\"}]},{\"@type\":\"WebSite\",\"@id\":\"https:\\\/\\\/lucassen.de\\\/hausverwaltung\\\/#website\",\"url\":\"https:\\\/\\\/lucassen.de\\\/hausverwaltung\\\/\",\"name\":\"Lucassen Hausverwaltung\",\"description\":\"\",\"publisher\":{\"@id\":\"https:\\\/\\\/lucassen.de\\\/hausverwaltung\\\/#organization\"},\"potentialAction\":[{\"@type\":\"SearchAction\",\"target\":{\"@type\":\"EntryPoint\",\"urlTemplate\":\"https:\\\/\\\/lucassen.de\\\/hausverwaltung\\\/?s={search_term_string}\"},\"query-input\":{\"@type\":\"PropertyValueSpecification\",\"valueRequired\":true,\"valueName\":\"search_term_string\"}}],\"inLanguage\":\"de\"},{\"@type\":\"Organization\",\"@id\":\"https:\\\/\\\/lucassen.de\\\/hausverwaltung\\\/#organization\",\"name\":\"Lucassen Hausverwaltung\",\"url\":\"https:\\\/\\\/lucassen.de\\\/hausverwaltung\\\/\",\"logo\":{\"@type\":\"ImageObject\",\"inLanguage\":\"de\",\"@id\":\"https:\\\/\\\/lucassen.de\\\/hausverwaltung\\\/#\\\/schema\\\/logo\\\/image\\\/\",\"url\":\"https:\\\/\\\/lucassen.de\\\/hausverwaltung\\\/wp-content\\\/uploads\\\/sites\\\/3\\\/hausverwaltung_logo_2020.png\",\"contentUrl\":\"https:\\\/\\\/lucassen.de\\\/hausverwaltung\\\/wp-content\\\/uploads\\\/sites\\\/3\\\/hausverwaltung_logo_2020.png\",\"width\":277,\"height\":249,\"caption\":\"Lucassen Hausverwaltung\"},\"image\":{\"@id\":\"https:\\\/\\\/lucassen.de\\\/hausverwaltung\\\/#\\\/schema\\\/logo\\\/image\\\/\"}}]}<\/script>\n<!-- \/ Yoast SEO plugin. -->","yoast_head_json":{"title":"Parkraum - Lucassen Hausverwaltung","robots":{"index":"index","follow":"follow","max-snippet":"max-snippet:-1","max-image-preview":"max-image-preview:large","max-video-preview":"max-video-preview:-1"},"canonical":"https:\/\/lucassen.de\/hausverwaltung\/mietobjekte\/moers\/parkraum","og_locale":"de_DE","og_type":"article","og_title":"Parkraum - Lucassen Hausverwaltung","og_description":"Klever Stra\u00dfe 51-5947441 Moers Wir betreuen 28 Stellpl\u00e4tze und 13 Garagen an der Klever Stra\u00dfe 51-59 in Moers, die vorrangig an unsere Mietenden der direkt angrenzenden Wohnobjekte vermietet werden. Hierbei handelt es sich nicht um [&hellip;]","og_url":"https:\/\/lucassen.de\/hausverwaltung\/mietobjekte\/moers\/parkraum","og_site_name":"Lucassen Hausverwaltung","article_modified_time":"2025-09-23T08:08:32+00:00","og_image":[{"width":2400,"height":800,"url":"https:\/\/lucassen.de\/hausverwaltung\/wp-content\/uploads\/sites\/3\/Moers-1.jpg","type":"image\/jpeg"}],"twitter_card":"summary_large_image","twitter_misc":{"Gesch\u00e4tzte Lesezeit":"3\u00a0Minuten"},"schema":{"@context":"https:\/\/schema.org","@graph":[{"@type":"WebPage","@id":"https:\/\/lucassen.de\/hausverwaltung\/mietobjekte\/moers\/parkraum","url":"https:\/\/lucassen.de\/hausverwaltung\/mietobjekte\/moers\/parkraum","name":"Parkraum - Lucassen Hausverwaltung","isPartOf":{"@id":"https:\/\/lucassen.de\/hausverwaltung\/#website"},"primaryImageOfPage":{"@id":"https:\/\/lucassen.de\/hausverwaltung\/mietobjekte\/moers\/parkraum#primaryimage"},"image":{"@id":"https:\/\/lucassen.de\/hausverwaltung\/mietobjekte\/moers\/parkraum#primaryimage"},"thumbnailUrl":"https:\/\/lucassen.de\/hausverwaltung\/wp-content\/uploads\/sites\/3\/Moers-1.jpg","datePublished":"2025-03-28T13:12:07+00:00","dateModified":"2025-09-23T08:08:32+00:00","breadcrumb":{"@id":"https:\/\/lucassen.de\/hausverwaltung\/mietobjekte\/moers\/parkraum#breadcrumb"},"inLanguage":"de","potentialAction":[{"@type":"ReadAction","target":["https:\/\/lucassen.de\/hausverwaltung\/mietobjekte\/moers\/parkraum"]}]},{"@type":"ImageObject","inLanguage":"de","@id":"https:\/\/lucassen.de\/hausverwaltung\/mietobjekte\/moers\/parkraum#primaryimage","url":"https:\/\/lucassen.de\/hausverwaltung\/wp-content\/uploads\/sites\/3\/Moers-1.jpg","contentUrl":"https:\/\/lucassen.de\/hausverwaltung\/wp-content\/uploads\/sites\/3\/Moers-1.jpg","width":2400,"height":800},{"@type":"BreadcrumbList","@id":"https:\/\/lucassen.de\/hausverwaltung\/mietobjekte\/moers\/parkraum#breadcrumb","itemListElement":[{"@type":"ListItem","position":1,"name":"Startseite","item":"https:\/\/lucassen.de\/hausverwaltung\/"},{"@type":"ListItem","position":2,"name":"Mietobjekte","item":"https:\/\/lucassen.de\/hausverwaltung\/mietobjekte"},{"@type":"ListItem","position":3,"name":"Moers","item":"https:\/\/lucassen.de\/hausverwaltung\/mietobjekte\/moers"},{"@type":"ListItem","position":4,"name":"Parkraum"}]},{"@type":"WebSite","@id":"https:\/\/lucassen.de\/hausverwaltung\/#website","url":"https:\/\/lucassen.de\/hausverwaltung\/","name":"Lucassen Hausverwaltung","description":"","publisher":{"@id":"https:\/\/lucassen.de\/hausverwaltung\/#organization"},"potentialAction":[{"@type":"SearchAction","target":{"@type":"EntryPoint","urlTemplate":"https:\/\/lucassen.de\/hausverwaltung\/?s={search_term_string}"},"query-input":{"@type":"PropertyValueSpecification","valueRequired":true,"valueName":"search_term_string"}}],"inLanguage":"de"},{"@type":"Organization","@id":"https:\/\/lucassen.de\/hausverwaltung\/#organization","name":"Lucassen Hausverwaltung","url":"https:\/\/lucassen.de\/hausverwaltung\/","logo":{"@type":"ImageObject","inLanguage":"de","@id":"https:\/\/lucassen.de\/hausverwaltung\/#\/schema\/logo\/image\/","url":"https:\/\/lucassen.de\/hausverwaltung\/wp-content\/uploads\/sites\/3\/hausverwaltung_logo_2020.png","contentUrl":"https:\/\/lucassen.de\/hausverwaltung\/wp-content\/uploads\/sites\/3\/hausverwaltung_logo_2020.png","width":277,"height":249,"caption":"Lucassen Hausverwaltung"},"image":{"@id":"https:\/\/lucassen.de\/hausverwaltung\/#\/schema\/logo\/image\/"}}]}},"acf":[],"_links":{"self":[{"href":"https:\/\/lucassen.de\/hausverwaltung\/wp-json\/wp\/v2\/pages\/20205137","targetHints":{"allow":["GET"]}}],"collection":[{"href":"https:\/\/lucassen.de\/hausverwaltung\/wp-json\/wp\/v2\/pages"}],"about":[{"href":"https:\/\/lucassen.de\/hausverwaltung\/wp-json\/wp\/v2\/types\/page"}],"author":[{"embeddable":true,"href":"https:\/\/lucassen.de\/hausverwaltung\/wp-json\/wp\/v2\/users\/1"}],"replies":[{"embeddable":true,"href":"https:\/\/lucassen.de\/hausverwaltung\/wp-json\/wp\/v2\/comments?post=20205137"}],"version-history":[{"count":53,"href":"https:\/\/lucassen.de\/hausverwaltung\/wp-json\/wp\/v2\/pages\/20205137\/revisions"}],"predecessor-version":[{"id":20207357,"href":"https:\/\/lucassen.de\/hausverwaltung\/wp-json\/wp\/v2\/pages\/20205137\/revisions\/20207357"}],"up":[{"embeddable":true,"href":"https:\/\/lucassen.de\/hausverwaltung\/wp-json\/wp\/v2\/pages\/397"}],"wp:attachment":[{"href":"https:\/\/lucassen.de\/hausverwaltung\/wp-json\/wp\/v2\/media?parent=20205137"}],"curies":[{"name":"wp","href":"https:\/\/api.w.org\/{rel}","templated":true}]}}